{"id":2,"date":"2013-12-25T21:51:09","date_gmt":"2013-12-25T21:51:09","guid":{"rendered":"http:\/\/localhost\/CRC\/?page_id=2"},"modified":"2025-01-13T22:37:34","modified_gmt":"2025-01-13T21:37:34","slug":"page-d-exemple","status":"publish","type":"page","link":"https:\/\/www.esquimautage-groenlandais.fr\/?page_id=2","title":{"rendered":"Histoire de l&rsquo;association"},"content":{"rendered":"<p>&nbsp;<\/p>\n<p><span style=\"color: #000000;\">Yann, Herv\u00e9 et Fran\u00e7ois&#8230; les fondateurs de l\u2019association naviguent principalement sur les c\u00f4tes bretonnes, leurs ports d&rsquo;attache \u00e9tant situ\u00e9s \u00e0 Larmor-Baden et Saint-Briac.<\/span><\/p>\n<p><span style=\"color: #000000;\">Passionn\u00e9s de kayak de mer et d&rsquo;esquimautage, ils essayent de partager cette passion avec tout kayakiste d\u00e9sireux de s&rsquo;initier ou de se perfectionner \u00e0 ces techniques traditionnelles, qui se d\u00e9clinent en une s\u00e9rie infinie de sensations sans cesse r\u00e9invent\u00e9es&#8230;.\u00a0<\/span><\/p>\n<p>&nbsp;<\/p>\n<p>&nbsp;<\/p>\n<p>&nbsp;<\/p>\n<p style=\"text-align: center;\">Yann et Fran\u00e7ois avec Kamp \u00e0 Saint-Malo\u00a0en juin 2013, et avec Cheri Perry et Turner Wilson \u00e0 Larmor-Baden en mai 2014<\/p>\n<p>&nbsp;<\/p>\n<p><a href=\"http:\/\/www.esquimautage-groenlandais.fr\/wp-content\/uploads\/2013\/12\/IMG_2341.jpg\"><img fetchpriority=\"high\" decoding=\"async\" class=\"alignleft size-medium wp-image-271\" src=\"http:\/\/www.esquimautage-groenlandais.fr\/wp-content\/uploads\/2013\/12\/IMG_2341-300x225.jpg\" alt=\"IMG_2341\" width=\"300\" height=\"225\" srcset=\"https:\/\/www.esquimautage-groenlandais.fr\/wp-content\/uploads\/2013\/12\/IMG_2341-300x225.jpg 300w, https:\/\/www.esquimautage-groenlandais.fr\/wp-content\/uploads\/2013\/12\/IMG_2341-1024x768.jpg 1024w\" sizes=\"(max-width: 300px) 100vw, 300px\" \/><\/a><\/p>\n<p><a href=\"http:\/\/www.esquimautage-groenlandais.fr\/wp-content\/uploads\/2013\/12\/IMG_2342.jpg\"><img decoding=\"async\" class=\"wp-image-273 alignright\" src=\"http:\/\/www.esquimautage-groenlandais.fr\/wp-content\/uploads\/2013\/12\/IMG_2342-300x225.jpg\" alt=\"IMG_2342\" width=\"300\" height=\"225\" srcset=\"https:\/\/www.esquimautage-groenlandais.fr\/wp-content\/uploads\/2013\/12\/IMG_2342-300x225.jpg 300w, https:\/\/www.esquimautage-groenlandais.fr\/wp-content\/uploads\/2013\/12\/IMG_2342-1024x768.jpg 1024w\" sizes=\"(max-width: 300px) 100vw, 300px\" \/> <\/a><\/p>\n<p>&nbsp;<\/p>\n<p>&nbsp;<\/p>\n<p>&nbsp;<\/p>\n<p>&nbsp;<\/p>\n<p>&nbsp;<\/p>\n<p>&nbsp;<\/p>\n<p>&nbsp;<\/p>\n<p>&nbsp;<\/p>\n<p>&nbsp;<\/p>\n<p style=\"text-align: justify;\"><span style=\"color: #000000;\">Herv\u00e9 lors d&rsquo;un stage avec Cheri et Turner ;\u00a0Herv\u00e9 pratique \u00a0\u00e9galement le kayak au Br\u00e9sil&#8230;un petit mot pour ses amis br\u00e9siliens !<\/span><\/p>\n<p style=\"text-align: justify;\">Herv\u00e9, especialistas franc\u00e8s em caiaque groenlandes a 10 anos.<br \/>\ncursos de instru\u00e7ao , estagios de rolamentos e remos groenlandes para empliar essas t\u00e9cnicas tao pouco conhecidas.<\/p>\n<p style=\"text-align: justify;\">\n<p>&nbsp;<\/p>\n<p><a href=\"http:\/\/www.esquimautage-groenlandais.fr\/wp-content\/uploads\/2013\/12\/DSCF5600.jpg\"><img decoding=\"async\" class=\"aligncenter size-large wp-image-941\" src=\"http:\/\/www.esquimautage-groenlandais.fr\/wp-content\/uploads\/2013\/12\/DSCF5600-1024x577.jpg\" alt=\"DSCF5600\" width=\"940\" height=\"530\" srcset=\"https:\/\/www.esquimautage-groenlandais.fr\/wp-content\/uploads\/2013\/12\/DSCF5600-1024x577.jpg 1024w, https:\/\/www.esquimautage-groenlandais.fr\/wp-content\/uploads\/2013\/12\/DSCF5600-300x169.jpg 300w, https:\/\/www.esquimautage-groenlandais.fr\/wp-content\/uploads\/2013\/12\/DSCF5600-24x14.jpg 24w, https:\/\/www.esquimautage-groenlandais.fr\/wp-content\/uploads\/2013\/12\/DSCF5600-36x20.jpg 36w, https:\/\/www.esquimautage-groenlandais.fr\/wp-content\/uploads\/2013\/12\/DSCF5600-48x27.jpg 48w\" sizes=\"(max-width: 940px) 100vw, 940px\" \/><\/a><\/p>\n<p>&nbsp;<\/p>\n<p>&nbsp;<\/p>\n<p>&nbsp;<\/p>\n<p>&nbsp;<\/p>\n<p><a href=\"http:\/\/www.esquimautage-groenlandais.fr\/wp-content\/uploads\/2013\/12\/IMG_6084.jpg\"><img loading=\"lazy\" decoding=\"async\" class=\"aligncenter size-large wp-image-384\" src=\"http:\/\/www.esquimautage-groenlandais.fr\/wp-content\/uploads\/2013\/12\/IMG_6084-1024x768.jpg\" alt=\"IMG_6084\" width=\"940\" height=\"705\" srcset=\"https:\/\/www.esquimautage-groenlandais.fr\/wp-content\/uploads\/2013\/12\/IMG_6084-1024x768.jpg 1024w, https:\/\/www.esquimautage-groenlandais.fr\/wp-content\/uploads\/2013\/12\/IMG_6084-300x225.jpg 300w\" sizes=\"(max-width: 940px) 100vw, 940px\" \/><\/a><\/p>\n<p>&nbsp;<\/p>\n<p>&nbsp;<\/p>\n<p>Herv\u00e9 avec Cheri et turner \u00e0 Larmor Baden<\/p>\n<p style=\"text-align: justify;\"><a href=\"http:\/\/www.esquimautage-groenlandais.fr\/wp-content\/uploads\/2013\/12\/DSCF5416.jpg\"><img loading=\"lazy\" decoding=\"async\" class=\"size-large wp-image-940\" src=\"http:\/\/www.esquimautage-groenlandais.fr\/wp-content\/uploads\/2013\/12\/DSCF5416-1024x577.jpg\" alt=\"DSCF5416\" width=\"940\" height=\"530\" srcset=\"https:\/\/www.esquimautage-groenlandais.fr\/wp-content\/uploads\/2013\/12\/DSCF5416-1024x577.jpg 1024w, https:\/\/www.esquimautage-groenlandais.fr\/wp-content\/uploads\/2013\/12\/DSCF5416-300x169.jpg 300w, https:\/\/www.esquimautage-groenlandais.fr\/wp-content\/uploads\/2013\/12\/DSCF5416-24x14.jpg 24w, https:\/\/www.esquimautage-groenlandais.fr\/wp-content\/uploads\/2013\/12\/DSCF5416-36x20.jpg 36w, https:\/\/www.esquimautage-groenlandais.fr\/wp-content\/uploads\/2013\/12\/DSCF5416-48x27.jpg 48w\" sizes=\"(max-width: 940px) 100vw, 940px\" \/><\/a><\/p>\n<p>&nbsp;<\/p>\n<p><a href=\"http:\/\/www.esquimautage-groenlandais.fr\/wp-content\/uploads\/2013\/12\/DSCF5364.jpg\"><img loading=\"lazy\" decoding=\"async\" class=\"alignright size-large wp-image-939\" src=\"http:\/\/www.esquimautage-groenlandais.fr\/wp-content\/uploads\/2013\/12\/DSCF5364-1024x577.jpg\" alt=\"DSCF5364\" width=\"940\" height=\"530\" srcset=\"https:\/\/www.esquimautage-groenlandais.fr\/wp-content\/uploads\/2013\/12\/DSCF5364-1024x577.jpg 1024w, https:\/\/www.esquimautage-groenlandais.fr\/wp-content\/uploads\/2013\/12\/DSCF5364-300x169.jpg 300w, https:\/\/www.esquimautage-groenlandais.fr\/wp-content\/uploads\/2013\/12\/DSCF5364-24x14.jpg 24w, https:\/\/www.esquimautage-groenlandais.fr\/wp-content\/uploads\/2013\/12\/DSCF5364-36x20.jpg 36w, https:\/\/www.esquimautage-groenlandais.fr\/wp-content\/uploads\/2013\/12\/DSCF5364-48x27.jpg 48w\" sizes=\"(max-width: 940px) 100vw, 940px\" \/><\/a><\/p>\n<p>&nbsp;<\/p>\n<p>&nbsp;<\/p>\n<p>Yann avec Turner et Cheri \u00e0 Berder<\/p>\n<p><a href=\"http:\/\/www.esquimautage-groenlandais.fr\/wp-content\/uploads\/2014\/06\/DSCF5486.jpg\"><img loading=\"lazy\" decoding=\"async\" class=\"size-large wp-image-614 aligncenter\" src=\"http:\/\/www.esquimautage-groenlandais.fr\/wp-content\/uploads\/2014\/06\/DSCF5486-1024x577.jpg\" alt=\"DSCF5486\" width=\"940\" height=\"529\" srcset=\"https:\/\/www.esquimautage-groenlandais.fr\/wp-content\/uploads\/2014\/06\/DSCF5486-1024x577.jpg 1024w, https:\/\/www.esquimautage-groenlandais.fr\/wp-content\/uploads\/2014\/06\/DSCF5486-300x169.jpg 300w\" sizes=\"(max-width: 940px) 100vw, 940px\" \/><\/a><\/p>\n<p><a href=\"http:\/\/www.esquimautage-groenlandais.fr\/wp-content\/uploads\/2014\/06\/DSCF5517.jpg\"><img loading=\"lazy\" decoding=\"async\" class=\"aligncenter size-large wp-image-620\" src=\"http:\/\/www.esquimautage-groenlandais.fr\/wp-content\/uploads\/2014\/06\/DSCF5517-1024x577.jpg\" alt=\"DSCF5517\" width=\"940\" height=\"529\" srcset=\"https:\/\/www.esquimautage-groenlandais.fr\/wp-content\/uploads\/2014\/06\/DSCF5517-1024x577.jpg 1024w, https:\/\/www.esquimautage-groenlandais.fr\/wp-content\/uploads\/2014\/06\/DSCF5517-300x169.jpg 300w\" sizes=\"(max-width: 940px) 100vw, 940px\" \/><\/a><\/p>\n<p>Fran\u00e7ois avec Ch\u00e9ri \u00e0 Berder<\/p>\n<p><a href=\"http:\/\/www.esquimautage-groenlandais.fr\/wp-content\/uploads\/2014\/06\/DSCF5480.jpg\"><img loading=\"lazy\" decoding=\"async\" class=\"aligncenter size-large wp-image-611\" src=\"http:\/\/www.esquimautage-groenlandais.fr\/wp-content\/uploads\/2014\/06\/DSCF5480-1024x577.jpg\" alt=\"DSCF5480\" width=\"940\" height=\"529\" srcset=\"https:\/\/www.esquimautage-groenlandais.fr\/wp-content\/uploads\/2014\/06\/DSCF5480-1024x577.jpg 1024w, https:\/\/www.esquimautage-groenlandais.fr\/wp-content\/uploads\/2014\/06\/DSCF5480-300x169.jpg 300w\" sizes=\"(max-width: 940px) 100vw, 940px\" \/><\/a><\/p>\n<p><a href=\"http:\/\/www.esquimautage-groenlandais.fr\/wp-content\/uploads\/2014\/06\/DSCF5482.jpg\"><img loading=\"lazy\" decoding=\"async\" class=\"aligncenter size-large wp-image-612\" src=\"http:\/\/www.esquimautage-groenlandais.fr\/wp-content\/uploads\/2014\/06\/DSCF5482-1024x577.jpg\" alt=\"DSCF5482\" width=\"940\" height=\"529\" srcset=\"https:\/\/www.esquimautage-groenlandais.fr\/wp-content\/uploads\/2014\/06\/DSCF5482-1024x577.jpg 1024w, https:\/\/www.esquimautage-groenlandais.fr\/wp-content\/uploads\/2014\/06\/DSCF5482-300x169.jpg 300w\" sizes=\"(max-width: 940px) 100vw, 940px\" \/><\/a><\/p>\n","protected":false},"excerpt":{"rendered":"<p>&nbsp; Yann, Herv\u00e9 et Fran\u00e7ois&#8230; les fondateurs de l\u2019association naviguent principalement sur les c\u00f4tes bretonnes, leurs ports d&rsquo;attache \u00e9tant situ\u00e9s \u00e0 Larmor-Baden et Saint-Briac. Passionn\u00e9s de kayak de mer et d&rsquo;esquimautage, ils essayent de partager cette passion avec tout kayakiste &hellip; <a href=\"https:\/\/www.esquimautage-groenlandais.fr\/?page_id=2\">Lire la suite\u00ad\u00ad<\/a><\/p>\n","protected":false},"author":1,"featured_media":0,"parent":0,"menu_order":0,"comment_status":"open","ping_status":"open","template":"","meta":{"footnotes":""},"class_list":["post-2","page","type-page","status-publish","hentry"],"_links":{"self":[{"href":"https:\/\/www.esquimautage-groenlandais.fr\/index.php?rest_route=\/wp\/v2\/pages\/2","targetHints":{"allow":["GET"]}}],"collection":[{"href":"https:\/\/www.esquimautage-groenlandais.fr\/index.php?rest_route=\/wp\/v2\/pages"}],"about":[{"href":"https:\/\/www.esquimautage-groenlandais.fr\/index.php?rest_route=\/wp\/v2\/types\/page"}],"author":[{"embeddable":true,"href":"https:\/\/www.esquimautage-groenlandais.fr\/index.php?rest_route=\/wp\/v2\/users\/1"}],"replies":[{"embeddable":true,"href":"https:\/\/www.esquimautage-groenlandais.fr\/index.php?rest_route=%2Fwp%2Fv2%2Fcomments&post=2"}],"version-history":[{"count":20,"href":"https:\/\/www.esquimautage-groenlandais.fr\/index.php?rest_route=\/wp\/v2\/pages\/2\/revisions"}],"predecessor-version":[{"id":3206,"href":"https:\/\/www.esquimautage-groenlandais.fr\/index.php?rest_route=\/wp\/v2\/pages\/2\/revisions\/3206"}],"wp:attachment":[{"href":"https:\/\/www.esquimautage-groenlandais.fr\/index.php?rest_route=%2Fwp%2Fv2%2Fmedia&parent=2"}],"curies":[{"name":"wp","href":"https:\/\/api.w.org\/{rel}","templated":true}]}}